{"id":4926,"date":"2021-01-17T12:42:18","date_gmt":"2021-01-17T11:42:18","guid":{"rendered":"https:\/\/suzanne-forsstroem.de\/foeredrag\/"},"modified":"2026-03-27T10:19:16","modified_gmt":"2026-03-27T09:19:16","slug":"foeredrag","status":"publish","type":"page","link":"https:\/\/suzanne-forsstroem.de\/sv\/foeredrag\/","title":{"rendered":"F\u00f6redrag p\u00e5 svenska och tyska"},"content":{"rendered":"<p>[et_pb_section fb_built=&#8221;1&#8243; fullwidth=&#8221;on&#8221; module_class=&#8221;header-bg&#8221; _builder_version=&#8221;4.16&#8243; _module_preset=&#8221;default&#8221; background_enable_color=&#8221;off&#8221; background_color_gradient_direction=&#8221;45deg&#8221; background_enable_image=&#8221;off&#8221; custom_margin=&#8221;0px||0px||true|false&#8221; custom_padding=&#8221;||||true|false&#8221; custom_css_main_element=&#8221;\/* Permalink &#8211; use to edit and share this gradient: https:\/\/colorzilla.com\/gradient-editor\/#f6f8f9+0,e5ebee+50,d7dee3+51,f5f7f9+100;White+Gloss *\/||background: #f6f8f9; \/* Old browsers *\/||background: -moz-linear-gradient(-45deg,  #f6f8f9 0%, #e5ebee 50%, #d7dee3 51%, #f5f7f9 100%); \/* FF3.6-15 *\/||background: -webkit-linear-gradient(-45deg,  #f6f8f9 0%,#e5ebee 50%,#d7dee3 51%,#f5f7f9 100%); \/* Chrome10-25,Safari5.1-6 *\/||background: linear-gradient(135deg,  #f6f8f9 0%,#e5ebee 50%,#d7dee3 51%,#f5f7f9 100%); \/* W3C, IE10+, FF16+, Chrome26+, Opera12+, Safari7+ *\/||filter: progid:DXImageTransform.Microsoft.gradient( startColorstr=&#8217;#f6f8f9&#8242;, endColorstr=&#8217;#f5f7f9&#8242;,GradientType=1 ); \/* IE6-9 fallback on horizontal gradient *\/||&#8221; global_colors_info=&#8221;{}&#8221;][et_pb_fullwidth_header title=&#8221;F\u00f6redrag&#8221; text_orientation=&#8221;center&#8221; button_one_url=&#8221;https:\/\/suzanne-forsstroem.de\/wp-content\/uploads\/trainerprofil-okt-2018.pdf&#8221; button_two_url=&#8221;http:\/\/www.mediummagazin.de\/project\/suzanne-forsstroem\/&#8221; admin_label=&#8221;Vortr\u00e4ge \u00dcberschrift&#8221; _builder_version=&#8221;4.16&#8243; _module_preset=&#8221;default&#8221; title_text_color=&#8221;#015896&#8243; subhead_text_align=&#8221;center&#8221; subhead_text_color=&#8221;#000000&#8243; background_enable_color=&#8221;off&#8221; background_layout=&#8221;light&#8221; custom_margin=&#8221;0px||0px||true|false&#8221; custom_padding=&#8221;1%||1%||true|false&#8221; link_option_url_new_window=&#8221;on&#8221; global_colors_info=&#8221;{}&#8221;]<\/p>\n<p style=\"text-align: center;\">F\u00f6rdrag p\u00e5 svenska och tyska med information om historia, politik, ekonomi, kultur, fritid, livsstil, media och sev\u00e4rdheter i Tyskland och Sverige<\/p>\n<p>[\/et_pb_fullwidth_header][\/et_pb_section][et_pb_section fb_built=&#8221;1&#8243; specialty=&#8221;on&#8221; disabled_on=&#8221;off|off|off&#8221; module_class=&#8221;wpc-fw-menu&#8221; _builder_version=&#8221;4.16&#8243; _module_preset=&#8221;default&#8221; global_colors_info=&#8221;{}&#8221;][et_pb_column type=&#8221;3_4&#8243; specialty_columns=&#8221;3&#8243; _builder_version=&#8221;4.16&#8243; custom_padding=&#8221;|||&#8221; global_colors_info=&#8221;{}&#8221; custom_padding__hover=&#8221;|||&#8221;][et_pb_row_inner column_structure=&#8221;1_3,1_3,1_3&#8243; _builder_version=&#8221;4.16&#8243; _module_preset=&#8221;default&#8221; custom_margin=&#8221;||0px||false|false&#8221; custom_padding=&#8221;||0px||false|false&#8221; global_colors_info=&#8221;{}&#8221;][et_pb_column_inner type=&#8221;1_3&#8243; saved_specialty_column_type=&#8221;3_4&#8243; _builder_version=&#8221;4.16&#8243; _module_preset=&#8221;default&#8221; global_colors_info=&#8221;{}&#8221;][et_pb_text admin_label=&#8221;Berlin\/Deutschland Text&#8221; _builder_version=&#8221;4.16&#8243; _module_preset=&#8221;default&#8221; global_colors_info=&#8221;{}&#8221;]<\/p>\n<h3>F\u00f6redrag om Tyskland \/ Berlin<\/h3>\n<p>Jag erbjuder f\u00f6redrag om Tyskland \/ Berlin med sp\u00e4nnande och underh\u00e5llande information om historia, politik, ekonomi, kultur, fritid, livsstil, media, sev\u00e4rdheter, mat och dryck. Jag f\u00f6rmedlar inte bara fakta utan \u00e4ven interkulturell bakgrundsinformation. Och ger ocks\u00e5 svar p\u00e5 fr\u00e5gorna: Vad \u00e4r typiskt tyskt \/ berlinskt? Vilka \u00e4r de kulturella do\u00b4s och taboos?<\/p>\n<p>Du \u00e4r v\u00e4lkommen att kontakta mig om du vill veta n\u00e5got speciellt om Tyskland eller Berlin.<\/p>\n<p>[\/et_pb_text][\/et_pb_column_inner][et_pb_column_inner type=&#8221;1_3&#8243; saved_specialty_column_type=&#8221;3_4&#8243; _builder_version=&#8221;4.16&#8243; _module_preset=&#8221;default&#8221; global_colors_info=&#8221;{}&#8221;][et_pb_image src=&#8221;https:\/\/suzanne-forsstroem.de\/wp-content\/uploads\/Deutschland.jpg&#8221; alt=&#8221;Suzanne Forsstr\u00f6m Trainerin&#8221; title_text=&#8221;Tyskland&#8221; align=&#8221;right&#8221; admin_label=&#8221;LK Deutschland&#8221; _builder_version=&#8221;4.16&#8243; _module_preset=&#8221;default&#8221; module_alignment=&#8221;left&#8221; max_height=&#8221;280px&#8221; global_colors_info=&#8221;{}&#8221;][\/et_pb_image][\/et_pb_column_inner][et_pb_column_inner type=&#8221;1_3&#8243; saved_specialty_column_type=&#8221;3_4&#8243; _builder_version=&#8221;4.16&#8243; _module_preset=&#8221;default&#8221; global_colors_info=&#8221;{}&#8221;][et_pb_image src=&#8221;https:\/\/suzanne-forsstroem.de\/wp-content\/uploads\/Berlin-Trabbi.jpg&#8221; title_text=&#8221;Berlin-Trabbi&#8221; admin_label=&#8221;Trabbi Foto&#8221; _builder_version=&#8221;4.16&#8243; _module_preset=&#8221;default&#8221; global_colors_info=&#8221;{}&#8221;][\/et_pb_image][\/et_pb_column_inner][\/et_pb_row_inner][et_pb_row_inner column_structure=&#8221;1_3,1_3,1_3&#8243; _builder_version=&#8221;4.16&#8243; _module_preset=&#8221;default&#8221; custom_margin=&#8221;||0px||false|false&#8221; custom_padding=&#8221;||0px||false|false&#8221; global_colors_info=&#8221;{}&#8221;][et_pb_column_inner type=&#8221;1_3&#8243; saved_specialty_column_type=&#8221;3_4&#8243; _builder_version=&#8221;4.16&#8243; _module_preset=&#8221;default&#8221; global_colors_info=&#8221;{}&#8221;][et_pb_text admin_label=&#8221;Schweden Text&#8221; _builder_version=&#8221;4.16&#8243; _module_preset=&#8221;default&#8221; global_colors_info=&#8221;{}&#8221;]<\/p>\n<h3>F\u00f6redrag om Sverige<\/h3>\n<p>Jag erbjuder f\u00f6redrag om Sverige med sp\u00e4nnande och underh\u00e5llande information om historia, politik, ekonomi, kultur, fritid, livsstil, media, sev\u00e4rdheter, mat och dryck. Jag f\u00f6rmedlar inte bara fakta utan \u00e4ven interkulturell bakgrundsinformation. Och ger ocks\u00e5 svar p\u00e5 fr\u00e5gorna: Vad \u00e4r typiskt svenskt? Vilka \u00e4r de kulturella do\u00b4s och taboos?<\/p>\n<p>Du \u00e4r v\u00e4lkommen att kontakta mig om du vill veta n\u00e5got speciellt om Sverige.<\/p>\n<p>[\/et_pb_text][\/et_pb_column_inner][et_pb_column_inner type=&#8221;1_3&#8243; saved_specialty_column_type=&#8221;3_4&#8243; _builder_version=&#8221;4.16&#8243; _module_preset=&#8221;default&#8221; global_colors_info=&#8221;{}&#8221;][et_pb_image src=&#8221;https:\/\/suzanne-forsstroem.de\/wp-content\/uploads\/sve-landkarte-fahne.jpg&#8221; alt=&#8221;Landkarte Schweden&#8221; title_text=&#8221;Landkarte Schweden&#8221; align=&#8221;right&#8221; admin_label=&#8221;LK Schweden&#8221; _builder_version=&#8221;4.16&#8243; _module_preset=&#8221;default&#8221; module_alignment=&#8221;left&#8221; max_height=&#8221;280px&#8221; global_colors_info=&#8221;{}&#8221;][\/et_pb_image][\/et_pb_column_inner][et_pb_column_inner type=&#8221;1_3&#8243; saved_specialty_column_type=&#8221;3_4&#8243; _builder_version=&#8221;4.16&#8243; _module_preset=&#8221;default&#8221; global_colors_info=&#8221;{}&#8221;][et_pb_image src=&#8221;https:\/\/suzanne-forsstroem.de\/wp-content\/uploads\/SF_solvik-haus.jpg&#8221; title_text=&#8221;SF_solvik-haus&#8221; admin_label=&#8221;Schweden Foto&#8221; _builder_version=&#8221;4.16&#8243; _module_preset=&#8221;default&#8221; global_colors_info=&#8221;{}&#8221;][\/et_pb_image][\/et_pb_column_inner][\/et_pb_row_inner][\/et_pb_column][et_pb_column type=&#8221;1_4&#8243; _builder_version=&#8221;4.16&#8243; custom_padding=&#8221;|||&#8221; global_colors_info=&#8221;{}&#8221; custom_padding__hover=&#8221;|||&#8221;][\/et_pb_column][\/et_pb_section][et_pb_section fb_built=&#8221;1&#8243; admin_label=&#8221;Footer Sektion&#8221; _builder_version=&#8221;4.16&#8243; _module_preset=&#8221;default&#8221; global_colors_info=&#8221;{}&#8221;][et_pb_row _builder_version=&#8221;4.16&#8243; _module_preset=&#8221;default&#8221; global_colors_info=&#8221;{}&#8221;][et_pb_column type=&#8221;4_4&#8243; _builder_version=&#8221;4.16&#8243; _module_preset=&#8221;default&#8221; global_colors_info=&#8221;{}&#8221;][et_pb_text admin_label=&#8221;Referenzen (Auswahl) \u00dcberschrift&#8221; _builder_version=&#8221;4.16&#8243; _module_preset=&#8221;default&#8221; global_colors_info=&#8221;{}&#8221;]<\/p>\n<h3 style=\"text-align: center;\">Referenser<\/h3>\n<p>[\/et_pb_text][\/et_pb_column][\/et_pb_row][et_pb_row column_structure=&#8221;1_6,1_6,1_6,1_6,1_6,1_6&#8243; admin_label=&#8221;Footer Zeile mit 12 Logos\/Links&#8221; _builder_version=&#8221;4.16&#8243; _module_preset=&#8221;default&#8221; custom_margin=&#8221;||||true|false&#8221; custom_padding=&#8221;0px||0px||true|false&#8221; global_colors_info=&#8221;{}&#8221;][et_pb_column type=&#8221;1_6&#8243; _builder_version=&#8221;4.16&#8243; _module_preset=&#8221;default&#8221; global_colors_info=&#8221;{}&#8221;][et_pb_blurb url_new_window=&#8221;on&#8221; image=&#8221;https:\/\/suzanne-forsstroem.de\/wp-content\/uploads\/schwed_botsch.jpg&#8221; admin_label=&#8221;schwed botsch&#8221; _builder_version=&#8221;4.16&#8243; _module_preset=&#8221;default&#8221; custom_margin=&#8221;||10px||false|false&#8221; link_option_url_new_window=&#8221;on&#8221; global_colors_info=&#8221;{}&#8221;][\/et_pb_blurb][et_pb_blurb url_new_window=&#8221;on&#8221; image=&#8221;https:\/\/suzanne-forsstroem.de\/wp-content\/uploads\/kern.jpg&#8221; admin_label=&#8221;kern&#8221; _builder_version=&#8221;4.16&#8243; _module_preset=&#8221;default&#8221; custom_margin=&#8221;||10px||false|false&#8221; link_option_url_new_window=&#8221;on&#8221; global_colors_info=&#8221;{}&#8221;][\/et_pb_blurb][\/et_pb_column][et_pb_column type=&#8221;1_6&#8243; _builder_version=&#8221;4.16&#8243; _module_preset=&#8221;default&#8221; global_colors_info=&#8221;{}&#8221;][et_pb_blurb url_new_window=&#8221;on&#8221; image=&#8221;https:\/\/suzanne-forsstroem.de\/wp-content\/uploads\/vw.png&#8221; admin_label=&#8221;vw&#8221; _builder_version=&#8221;4.16&#8243; _module_preset=&#8221;default&#8221; custom_margin=&#8221;||10px||false|false&#8221; link_option_url_new_window=&#8221;on&#8221; global_colors_info=&#8221;{}&#8221;][\/et_pb_blurb][et_pb_blurb url_new_window=&#8221;on&#8221; image=&#8221;https:\/\/suzanne-forsstroem.de\/wp-content\/uploads\/mil.png&#8221; admin_label=&#8221;mil&#8221; _builder_version=&#8221;4.16&#8243; _module_preset=&#8221;default&#8221; custom_margin=&#8221;||10px||false|false&#8221; link_option_url_new_window=&#8221;on&#8221; global_colors_info=&#8221;{}&#8221;][\/et_pb_blurb][\/et_pb_column][et_pb_column type=&#8221;1_6&#8243; _builder_version=&#8221;4.16&#8243; _module_preset=&#8221;default&#8221; global_colors_info=&#8221;{}&#8221;][et_pb_blurb url_new_window=&#8221;on&#8221; image=&#8221;https:\/\/suzanne-forsstroem.de\/wp-content\/uploads\/man.png&#8221; admin_label=&#8221;man&#8221; _builder_version=&#8221;4.16&#8243; _module_preset=&#8221;default&#8221; custom_margin=&#8221;||10px||false|false&#8221; link_option_url_new_window=&#8221;on&#8221; global_colors_info=&#8221;{}&#8221;][\/et_pb_blurb][et_pb_blurb url_new_window=&#8221;on&#8221; image=&#8221;https:\/\/suzanne-forsstroem.de\/wp-content\/uploads\/lekebergs.png&#8221; admin_label=&#8221;lekebergs&#8221; _builder_version=&#8221;4.16&#8243; _module_preset=&#8221;default&#8221; custom_margin=&#8221;||10px||false|false&#8221; link_option_url_new_window=&#8221;on&#8221; global_colors_info=&#8221;{}&#8221;][\/et_pb_blurb][\/et_pb_column][et_pb_column type=&#8221;1_6&#8243; _builder_version=&#8221;4.16&#8243; _module_preset=&#8221;default&#8221; global_colors_info=&#8221;{}&#8221;][et_pb_blurb url_new_window=&#8221;on&#8221; image=&#8221;https:\/\/suzanne-forsstroem.de\/wp-content\/uploads\/uni_jena.jpg&#8221; admin_label=&#8221;uni jena&#8221; _builder_version=&#8221;4.16&#8243; _module_preset=&#8221;default&#8221; custom_margin=&#8221;||10px||false|false&#8221; link_option_url_new_window=&#8221;on&#8221; global_colors_info=&#8221;{}&#8221;][\/et_pb_blurb][et_pb_blurb url_new_window=&#8221;on&#8221; image=&#8221;https:\/\/suzanne-forsstroem.de\/wp-content\/uploads\/dartcenter.jpg&#8221; admin_label=&#8221;dart center&#8221; _builder_version=&#8221;4.16&#8243; _module_preset=&#8221;default&#8221; custom_margin=&#8221;||10px||false|false&#8221; link_option_url_new_window=&#8221;on&#8221; global_colors_info=&#8221;{}&#8221;][\/et_pb_blurb][\/et_pb_column][et_pb_column type=&#8221;1_6&#8243; _builder_version=&#8221;4.16&#8243; _module_preset=&#8221;default&#8221; global_colors_info=&#8221;{}&#8221;][et_pb_blurb url_new_window=&#8221;on&#8221; image=&#8221;https:\/\/suzanne-forsstroem.de\/wp-content\/uploads\/steinbeis.png&#8221; admin_label=&#8221;steinbeis&#8221; _builder_version=&#8221;4.16&#8243; _module_preset=&#8221;default&#8221; custom_margin=&#8221;||10px||false|false&#8221; link_option_url_new_window=&#8221;on&#8221; global_colors_info=&#8221;{}&#8221;][\/et_pb_blurb][et_pb_blurb url_new_window=&#8221;on&#8221; image=&#8221;https:\/\/suzanne-forsstroem.de\/wp-content\/uploads\/ifi.jpg&#8221; admin_label=&#8221;ifi&#8221; _builder_version=&#8221;4.16&#8243; _module_preset=&#8221;default&#8221; custom_margin=&#8221;||10px||false|false&#8221; link_option_url_new_window=&#8221;on&#8221; global_colors_info=&#8221;{}&#8221;][\/et_pb_blurb][\/et_pb_column][et_pb_column type=&#8221;1_6&#8243; _builder_version=&#8221;4.16&#8243; _module_preset=&#8221;default&#8221; global_colors_info=&#8221;{}&#8221;][et_pb_blurb url_new_window=&#8221;on&#8221; image=&#8221;https:\/\/suzanne-forsstroem.de\/wp-content\/uploads\/visit_schweden.png&#8221; admin_label=&#8221;visit schw&#8221; _builder_version=&#8221;4.16&#8243; _module_preset=&#8221;default&#8221; custom_margin=&#8221;||10px||false|false&#8221; link_option_url_new_window=&#8221;on&#8221; global_colors_info=&#8221;{}&#8221;][\/et_pb_blurb][et_pb_blurb url_new_window=&#8221;on&#8221; image=&#8221;https:\/\/suzanne-forsstroem.de\/wp-content\/uploads\/avrami.jpg&#8221; admin_label=&#8221;avrami&#8221; _builder_version=&#8221;4.16&#8243; _module_preset=&#8221;default&#8221; custom_margin=&#8221;||10px||false|false&#8221; link_option_url_new_window=&#8221;on&#8221; global_colors_info=&#8221;{}&#8221;][\/et_pb_blurb][\/et_pb_column][\/et_pb_row][\/et_pb_section]<\/p>\n","protected":false},"excerpt":{"rendered":"<p>F\u00f6rdrag p\u00e5 svenska och tyska med information om historia, politik, ekonomi, kultur, fritid, livsstil, media och sev\u00e4rdheter i Tyskland och SverigeF\u00f6redrag om Tyskland \/ Berlin Jag erbjuder f\u00f6redrag om Tyskland \/ Berlin med sp\u00e4nnande och underh\u00e5llande information om historia, politik, ekonomi, kultur, fritid, livsstil, media, sev\u00e4rdheter, mat och dryck. Jag f\u00f6rmedlar inte bara fakta utan [&hellip;]<\/p>\n","protected":false},"author":4,"featured_media":0,"parent":0,"menu_order":2,"comment_status":"closed","ping_status":"closed","template":"","meta":{"_et_pb_use_builder":"on","_et_pb_old_content":"","_et_gb_content_width":"","footnotes":""},"class_list":["post-4926","page","type-page","status-publish","hentry"],"_links":{"self":[{"href":"https:\/\/suzanne-forsstroem.de\/sv\/wp-json\/wp\/v2\/pages\/4926","targetHints":{"allow":["GET"]}}],"collection":[{"href":"https:\/\/suzanne-forsstroem.de\/sv\/wp-json\/wp\/v2\/pages"}],"about":[{"href":"https:\/\/suzanne-forsstroem.de\/sv\/wp-json\/wp\/v2\/types\/page"}],"author":[{"embeddable":true,"href":"https:\/\/suzanne-forsstroem.de\/sv\/wp-json\/wp\/v2\/users\/4"}],"replies":[{"embeddable":true,"href":"https:\/\/suzanne-forsstroem.de\/sv\/wp-json\/wp\/v2\/comments?post=4926"}],"version-history":[{"count":1,"href":"https:\/\/suzanne-forsstroem.de\/sv\/wp-json\/wp\/v2\/pages\/4926\/revisions"}],"predecessor-version":[{"id":7638,"href":"https:\/\/suzanne-forsstroem.de\/sv\/wp-json\/wp\/v2\/pages\/4926\/revisions\/7638"}],"wp:attachment":[{"href":"https:\/\/suzanne-forsstroem.de\/sv\/wp-json\/wp\/v2\/media?parent=4926"}],"curies":[{"name":"wp","href":"https:\/\/api.w.org\/{rel}","templated":true}]}}